{"id":287,"date":"2014-01-31T15:30:10","date_gmt":"2014-01-31T15:30:10","guid":{"rendered":"http:\/\/claireloupiac.com\/?page_id=287"},"modified":"2014-06-13T16:40:52","modified_gmt":"2014-06-13T14:40:52","slug":"semaine-de-la-biodiversite","status":"publish","type":"page","link":"https:\/\/claireloupiac.com\/?page_id=287","title":{"rendered":"Semaine de la biodiversit\u00e9, parc du Sausset, 2013"},"content":{"rendered":"<p><a title=\"Semaine de la biodiversit\u00e9, Parc d\u00e9partemental du Sausset, juin 2013 En relation avec l'Observatoire de la Bio Diversit\u00e9 Urbaine\" href=\"http:\/\/claireloupiac.com\/wp-content\/uploads\/2014\/01\/flyer-a5-bio-2013-15-04-2-gliss\u00e9es.jpg\"><img loading=\"lazy\" decoding=\"async\" class=\"alignnone size-medium wp-image-288\" alt=\"flyer-a5-bio-2013-15-04-2 (gliss\u00e9(e)s)\" src=\"http:\/\/claireloupiac.com\/wp-content\/uploads\/2014\/01\/flyer-a5-bio-2013-15-04-2-gliss\u00e9es-210x300.jpg\" width=\"210\" height=\"300\" srcset=\"https:\/\/claireloupiac.com\/wp-content\/uploads\/2014\/01\/flyer-a5-bio-2013-15-04-2-gliss\u00e9es-210x300.jpg 210w, https:\/\/claireloupiac.com\/wp-content\/uploads\/2014\/01\/flyer-a5-bio-2013-15-04-2-gliss\u00e9es-105x150.jpg 105w, https:\/\/claireloupiac.com\/wp-content\/uploads\/2014\/01\/flyer-a5-bio-2013-15-04-2-gliss\u00e9es-719x1024.jpg 719w, https:\/\/claireloupiac.com\/wp-content\/uploads\/2014\/01\/flyer-a5-bio-2013-15-04-2-gliss\u00e9es.jpg 1749w\" sizes=\"auto, (max-width: 210px) 100vw, 210px\" \/><\/a>\u00a0 \u00a0 \u00a0\u00a0<a title=\"Semaine de la biodiversit\u00e9, Parc d\u00e9partemental du Sausset, juin 2013 En relation avec l'Observatoire de la Bio Diversit\u00e9 Urbaine\" href=\"http:\/\/claireloupiac.com\/wp-content\/uploads\/2014\/01\/image4.jpg\"><img loading=\"lazy\" decoding=\"async\" class=\"alignnone size-medium wp-image-293\" alt=\"image4\" src=\"http:\/\/claireloupiac.com\/wp-content\/uploads\/2014\/01\/image4-300x225.jpg\" width=\"300\" height=\"225\" srcset=\"https:\/\/claireloupiac.com\/wp-content\/uploads\/2014\/01\/image4-300x225.jpg 300w, https:\/\/claireloupiac.com\/wp-content\/uploads\/2014\/01\/image4-150x112.jpg 150w, https:\/\/claireloupiac.com\/wp-content\/uploads\/2014\/01\/image4.jpg 640w\" sizes=\"auto, (max-width: 300px) 100vw, 300px\" \/><\/a> <a title=\"Semaine de la biodiversit\u00e9, Parc d\u00e9partemental du Sausset, juin 2013 En relation avec l'Observatoire de la Bio Diversit\u00e9 Urbaine\" href=\"http:\/\/claireloupiac.com\/wp-content\/uploads\/2014\/01\/image3.jpg\"><img loading=\"lazy\" decoding=\"async\" class=\"alignnone size-medium wp-image-292\" alt=\"image3\" src=\"http:\/\/claireloupiac.com\/wp-content\/uploads\/2014\/01\/image3-225x300.jpg\" width=\"225\" height=\"300\" srcset=\"https:\/\/claireloupiac.com\/wp-content\/uploads\/2014\/01\/image3-225x300.jpg 225w, https:\/\/claireloupiac.com\/wp-content\/uploads\/2014\/01\/image3-112x150.jpg 112w, https:\/\/claireloupiac.com\/wp-content\/uploads\/2014\/01\/image3.jpg 480w\" sizes=\"auto, (max-width: 225px) 100vw, 225px\" \/><\/a> <a title=\"Semaine de la biodiversit\u00e9, Parc d\u00e9partemental du Sausset, juin 2013 En relation avec l'Observatoire de la Bio Diversit\u00e9 Urbaine\" href=\"http:\/\/claireloupiac.com\/wp-content\/uploads\/2014\/01\/image2.jpg\"><img loading=\"lazy\" decoding=\"async\" class=\"alignnone size-medium wp-image-291\" alt=\"image2\" src=\"http:\/\/claireloupiac.com\/wp-content\/uploads\/2014\/01\/image2-300x229.jpg\" width=\"300\" height=\"229\" srcset=\"https:\/\/claireloupiac.com\/wp-content\/uploads\/2014\/01\/image2-300x229.jpg 300w, https:\/\/claireloupiac.com\/wp-content\/uploads\/2014\/01\/image2-150x114.jpg 150w, https:\/\/claireloupiac.com\/wp-content\/uploads\/2014\/01\/image2.jpg 627w\" sizes=\"auto, (max-width: 300px) 100vw, 300px\" \/><\/a> <a title=\"Semaine de la biodiversit\u00e9, Parc d\u00e9partemental du Sausset, juin 2013 En relation avec l'Observatoire de la Bio Diversit\u00e9 Urbaine\" href=\"http:\/\/claireloupiac.com\/wp-content\/uploads\/2014\/01\/image1.jpg\"><img loading=\"lazy\" decoding=\"async\" class=\"alignnone size-medium wp-image-290\" alt=\"image1\" src=\"http:\/\/claireloupiac.com\/wp-content\/uploads\/2014\/01\/image1-300x226.jpg\" width=\"300\" height=\"226\" srcset=\"https:\/\/claireloupiac.com\/wp-content\/uploads\/2014\/01\/image1-300x226.jpg 300w, https:\/\/claireloupiac.com\/wp-content\/uploads\/2014\/01\/image1-150x113.jpg 150w, https:\/\/claireloupiac.com\/wp-content\/uploads\/2014\/01\/image1.jpg 635w\" sizes=\"auto, (max-width: 300px) 100vw, 300px\" \/><\/a><\/p>\n","protected":false},"excerpt":{"rendered":"<p>\u00a0 \u00a0 \u00a0\u00a0<\/p>\n","protected":false},"author":1,"featured_media":0,"parent":59,"menu_order":2,"comment_status":"open","ping_status":"open","template":"expositions.php","meta":{"footnotes":""},"class_list":["post-287","page","type-page","status-publish","hentry"],"_links":{"self":[{"href":"https:\/\/claireloupiac.com\/index.php?rest_route=\/wp\/v2\/pages\/287","targetHints":{"allow":["GET"]}}],"collection":[{"href":"https:\/\/claireloupiac.com\/index.php?rest_route=\/wp\/v2\/pages"}],"about":[{"href":"https:\/\/claireloupiac.com\/index.php?rest_route=\/wp\/v2\/types\/page"}],"author":[{"embeddable":true,"href":"https:\/\/claireloupiac.com\/index.php?rest_route=\/wp\/v2\/users\/1"}],"replies":[{"embeddable":true,"href":"https:\/\/claireloupiac.com\/index.php?rest_route=%2Fwp%2Fv2%2Fcomments&post=287"}],"version-history":[{"count":8,"href":"https:\/\/claireloupiac.com\/index.php?rest_route=\/wp\/v2\/pages\/287\/revisions"}],"predecessor-version":[{"id":426,"href":"https:\/\/claireloupiac.com\/index.php?rest_route=\/wp\/v2\/pages\/287\/revisions\/426"}],"up":[{"embeddable":true,"href":"https:\/\/claireloupiac.com\/index.php?rest_route=\/wp\/v2\/pages\/59"}],"wp:attachment":[{"href":"https:\/\/claireloupiac.com\/index.php?rest_route=%2Fwp%2Fv2%2Fmedia&parent=287"}],"curies":[{"name":"wp","href":"https:\/\/api.w.org\/{rel}","templated":true}]}}